{"id":9351,"date":"2024-11-29T15:21:32","date_gmt":"2024-11-29T14:21:32","guid":{"rendered":"https:\/\/dev.mydigyweb.com\/TEASER\/mentions-legales-2\/"},"modified":"2025-05-11T15:09:20","modified_gmt":"2025-05-11T13:09:20","slug":"politique-de-confidentialite","status":"publish","type":"page","link":"https:\/\/lepassio-prilly.ch\/en\/politique-de-confidentialite\/","title":{"rendered":"Privacy policy"},"content":{"rendered":"\t\t<div data-elementor-type=\"wp-page\" data-elementor-id=\"9351\" class=\"elementor elementor-9351\" data-elementor-post-type=\"page\">\n\t\t\t\t\t\t<section class=\"elementor-section elementor-top-section elementor-element elementor-element-64efe94 elementor-section-full_width elementor-section-height-min-height elementor-section-height-default elementor-section-items-middle\" data-id=\"64efe94\" data-element_type=\"section\" data-e-type=\"section\" data-settings=\"{&quot;background_background&quot;:&quot;classic&quot;}\">\n\t\t\t\t\t\t<div class=\"elementor-container elementor-column-gap-no\">\n\t\t\t\t\t<div class=\"elementor-column elementor-col-100 elementor-top-column elementor-element elementor-element-d5d8601\" data-id=\"d5d8601\" data-element_type=\"column\" data-e-type=\"column\">\n\t\t\t<div class=\"elementor-widget-wrap elementor-element-populated\">\n\t\t\t\t\t\t<section class=\"elementor-section elementor-inner-section elementor-element elementor-element-b028fe0 elementor-section-full_width elementor-reverse-mobile elementor-section-height-default elementor-section-height-default\" data-id=\"b028fe0\" data-element_type=\"section\" data-e-type=\"section\">\n\t\t\t\t\t\t<div class=\"elementor-container elementor-column-gap-no\">\n\t\t\t\t\t<div class=\"elementor-column elementor-col-50 elementor-inner-column elementor-element elementor-element-5be8de7\" data-id=\"5be8de7\" data-element_type=\"column\" data-e-type=\"column\" data-settings=\"{&quot;background_background&quot;:&quot;classic&quot;}\">\n\t\t\t<div class=\"elementor-widget-wrap elementor-element-populated\">\n\t\t\t\t\t<div class=\"elementor-background-overlay\"><\/div>\n\t\t\t\t\t\t<div class=\"elementor-element elementor-element-d64bd56 elementor-widget__width-auto elementor-widget elementor-widget-hub_fancy_heading\" data-id=\"d64bd56\" data-element_type=\"widget\" data-e-type=\"widget\" data-settings=\"{&quot;sticky&quot;:&quot;bottom&quot;,&quot;sticky_on&quot;:[&quot;widescreen&quot;,&quot;desktop&quot;,&quot;tablet_extra&quot;,&quot;tablet&quot;,&quot;mobile_extra&quot;,&quot;mobile&quot;],&quot;sticky_parent&quot;:&quot;yes&quot;,&quot;sticky_offset&quot;:0,&quot;sticky_effects_offset&quot;:0,&quot;sticky_anchor_link_offset&quot;:0}\" data-widget_type=\"hub_fancy_heading.default\">\n\t\t\t\t<div class=\"elementor-widget-container\">\n\t\t\t\t\t\n\t\t<div id=\"ld-fancy-heading-6a96a6d64236a\" class=\"ld-fancy-heading pos-rel\">\n\t\t\t<h5 class=\"ld-fh-element d-inline-block pos-rel  elementor-heading-title lqd-highlight-classic lqd-highlight-grow-left h5\"  > Politique de confidentialit\u00e9\n<\/h5>\t\t<\/div>\n\n\t\t\t\t\t\t<\/div>\n\t\t\t\t<\/div>\n\t\t\t\t\t<\/div>\n\t\t<\/div>\n\t\t\t\t<div class=\"elementor-column elementor-col-50 elementor-inner-column elementor-element elementor-element-b048db1\" data-id=\"b048db1\" data-element_type=\"column\" data-e-type=\"column\">\n\t\t\t<div class=\"elementor-widget-wrap elementor-element-populated\">\n\t\t\t\t\t\t<div class=\"elementor-element elementor-element-a07108b elementor-widget__width-initial elementor-widget elementor-widget-hub_fancy_heading\" data-id=\"a07108b\" data-element_type=\"widget\" data-e-type=\"widget\" data-widget_type=\"hub_fancy_heading.default\">\n\t\t\t\t<div class=\"elementor-widget-container\">\n\t\t\t\t\t\n\t\t<div id=\"ld-fancy-heading-6a96a6d642d63\" class=\"ld-fancy-heading pos-rel\">\n\t\t\t<h4 class=\"ld-fh-element d-inline-block pos-rel  elementor-heading-title lqd-highlight-classic lqd-highlight-grow-left h4\"  > Politique de confidentialit\u00e9\n<\/h4>\t\t<\/div>\n\n\t\t\t\t\t\t<\/div>\n\t\t\t\t<\/div>\n\t\t\t\t<div class=\"elementor-element elementor-element-1ab8c61 elementor-widget-divider--view-line elementor-widget elementor-widget-divider\" data-id=\"1ab8c61\" data-element_type=\"widget\" data-e-type=\"widget\" data-widget_type=\"divider.default\">\n\t\t\t\t<div class=\"elementor-widget-container\">\n\t\t\t\t\t\t\t<div class=\"elementor-divider\">\n\t\t\t<span class=\"elementor-divider-separator\">\n\t\t\t\t\t\t<\/span>\n\t\t<\/div>\n\t\t\t\t\t\t<\/div>\n\t\t\t\t<\/div>\n\t\t\t\t<div class=\"elementor-element elementor-element-aea1202 elementor-widget elementor-widget-text-editor\" data-id=\"aea1202\" data-element_type=\"widget\" data-e-type=\"widget\" data-widget_type=\"text-editor.default\">\n\t\t\t\t<div class=\"elementor-widget-container\">\n\t\t\t\t\t\t\t\t\t<p><strong>1. RESPONSABILIT\u00c9<\/strong><\/p><p>Naef Holding S.A, Avenue Eug\u00e8ne-Pittard 14-16 1206 Gen\u00e8ve, Suisse, est responsable des donn\u00e9es personnelles que vous nous communiquez. Les termes \u00ab Naef Immobilier \u00bb, \u00ab nous \u00bb ou \u00ab nos \u00bb que nous utilisons aux pr\u00e9sentes d\u00e9signent la soci\u00e9t\u00e9 Naef Holding S.A Conform\u00e9ment \u00e0 la r\u00e8glementation applicable en mati\u00e8re de protection des donn\u00e9es personnelles, Naef Holding S.A est le \u00ab responsable du traitement \u00bb.<br \/>La pr\u00e9sente politique de confidentialit\u00e9 porte sur le traitement de vos donn\u00e9es \u00e0 caract\u00e8re personnel que nous collectons via le site Internet <a href=\"https:\/\/lepassio-prilly.ch\/\">lepassio-prilly.ch<\/a> (ci-apr\u00e8s le \u00ab Site Internet \u00bb).<\/p><p><strong>2. QUELLES DONN\u00c9ES PERSONNELLES COLLECTONS-NOUS ET COMMENT ?<\/strong><\/p><p><strong>2.1 Quelles donn\u00e9es personnelles ?<\/strong><\/p><p>Nous recueillons des donn\u00e9es personnelles de deux mani\u00e8res :<\/p><p>\u2713 Donn\u00e9es que vous d\u00e9cidez librement de nous fournir : pr\u00e9nom, nom, adresse e-mail, adresse postale, num\u00e9ro de t\u00e9l\u00e9phone, ainsi que des informations concernant vos biens, transactions, votre profil immobilier\u2026<\/p><p>\u2713 Donn\u00e9es que nous collectons automatiquement lorsque vous utilisez notre Site : les donn\u00e9es \u00e0 caract\u00e8re personnel peuvent \u00e9galement inclure des identifiants num\u00e9riques uniques comme l\u2019adresse IP de votre ordinateur, ainsi que des cookies*.<\/p><p>Pixel Facebook\u00a0:<\/p><p>Ce site web utilise le pixel Facebook du r\u00e9seau social Facebook. Lorsque le site Web est visit\u00e9, le pixel Facebook \u00e9tablit une connexion entre le navigateur de l\u2019utilisateur et le serveur Facebook. Cela permet \u00e0 Facebook d\u2019associer la visite du site web avec le compte de l\u2019utilisateur. Nous attirons votre attention sur le fait que Naef Immobilier n\u2019a aucune connaissance du contenu des donn\u00e9es transmises ou de leur utilisation par Facebook.<\/p><p><strong>2.2 Comment ?<\/strong><\/p><p>Nous collectons vos donn\u00e9es personnelles, lorsque vous prenez contact avec nous par email, t\u00e9l\u00e9phone, live chat, lorsque vous remplissez un formulaire de contact sur notre site internet, ou tout autre moyen.<\/p><p><strong>3. POURQUOI SONT-ELLES COLLECT\u00c9ES ?<\/strong><\/p><table><thead><tr><td width=\"50%\"><strong>Pourquoi nous utilisons vos donn\u00e9es personnelles ?<\/strong><\/td><td width=\"50%\"><strong>Sur quelle base juridique repose le traitement de vos donn\u00e9es personnelles ?<\/strong><\/td><\/tr><tr><td>Service client: R\u00e9pondre \u00e0 vos demandes (demande d\u2019information, de visites, de rendez-vous\u2026)<\/td><td>Ex\u00e9cution d\u2019un contrat: Vous fournir le service que vous avez demand\u00e9<\/td><\/tr><tr><td>Relation commercial: G\u00e9rer notre relation commerciale<\/td><td>Ex\u00e9cution d\u2019un contrat: Vous fournir le service que vous avez demand\u00e9<\/td><\/tr><tr><td>Communication marketing et commerciale: Vous adresser des messages marketing et des communications commerciales (actualit\u00e9s sur nos services, nouveaux biens immobiliers\u2026)<\/td><td>Consentement et\/ou notre int\u00e9r\u00eat l\u00e9gitime: vous fournir des contenus pertinents<\/td><\/tr><tr><td>Ev\u00e8nement: G\u00e9rer votre participation \u00e0 des \u00e9v\u00e9nements<\/td><td>Int\u00e9r\u00eat l\u00e9gitime: organiser l\u2019\u00e9v\u00e9nement<\/td><\/tr><tr><td>Jeux-concours: G\u00e9rer votre participation \u00e0 nos jeux-concours<\/td><td>Ex\u00e9cution du contrat que vous avez conclu avec nous: acceptation du r\u00e8glement de jeu-concours<\/td><\/tr><tr><td>Qualit\u00e9: Assurer le suivi de la qualit\u00e9 et l\u2019am\u00e9lioration constante de nos produits et services, notamment en recourant \u00e0 des technologies d\u2019analyse de vos donn\u00e9es<\/td><td>Int\u00e9r\u00eat l\u00e9gitime: am\u00e9liorer nos produits et services<\/td><\/tr><tr><td>Am\u00e9lioration de l\u2019exp\u00e9rience client: Assurer un suivi de nos activit\u00e9s dans un but d\u2019am\u00e9lioration continue<\/td><td>Int\u00e9r\u00eat l\u00e9gitime: mesurer la performance de notre activit\u00e9 et am\u00e9liorer nos produits et services<\/td><\/tr><tr><td>Personnalisation (hors ligne et en ligne): Vous proposer des produits et services personnalis\u00e9s<\/td><td>Consentement et\/ou notre int\u00e9r\u00eat l\u00e9gitime: vous fournir des offres pertinentes<\/td><\/tr><tr><td>Raisons juridiques\u00a0:\u00a0Nous divulguerons \u00e9galement vos donn\u00e9es personnelles \u00e0 des tiers lorsque la loi applicable l\u2019exige; en r\u00e9ponse \u00e0 une proc\u00e9dure judiciaire; en r\u00e9ponse \u00e0 une demande d\u2019un organisme r\u00e9pressif comp\u00e9tent; prot\u00e9ger nos droits, notre vie priv\u00e9e, notre s\u00e9curit\u00e9, nos biens ou le public; ou pour faire respecter les termes de tout accord ou les termes de notre site Web<\/td><td>Obligations l\u00e9gales et int\u00e9r\u00eats l\u00e9gitimes<\/td><\/tr><\/thead><\/table><p><strong>4. QUI PEUT ACC\u00c9DER A VOS DONN\u00c9ES PERSONNELLES ?<\/strong><\/p><p>Nous pouvons \u00eatre amen\u00e9s \u00e0 partager vos donn\u00e9es personnelles avec d\u2019autres entit\u00e9s du groupe Naef Immobilier. Nous pouvons \u00e9galement avoir recours \u00e0 des prestataires et partenaires qui vont traiter tout ou une partie de vos donn\u00e9es, dans la limite n\u00e9cessaire \u00e0 l\u2019accomplissement des t\u00e2ches qui leur sont confi\u00e9es (par exemple, pour l\u2019h\u00e9bergement de notre site internet).<br \/>En aucun cas, les donn\u00e9es recueillies par Naef Immobilier ne seront c\u00e9d\u00e9es ou vendues \u00e0 des tiers.<br \/>Vos donn\u00e9es personnelles sont uniquement transmises ou communiqu\u00e9es \u00e0 des tiers si cela est n\u00e9cessaire \u00e0 l\u2019atteinte des buts pour lesquels vous nous les avez librement transmises.<\/p><p><strong>5. COMBIEN DE TEMPS SONT CONSERV\u00c9ES VOS DONN\u00c9ES PERSONNELLES ?<\/strong><\/p><p>Nous conservons vos donn\u00e9es personnelles le temps n\u00e9cessaire \u00e0 l\u2019accomplissement de la finalit\u00e9 pour laquelle nous disposons ces donn\u00e9es, afin de r\u00e9pondre \u00e0 vos besoins ou pour remplir nos obligations l\u00e9gales.<br \/>Pour \u00e9tablir la dur\u00e9e de conservation de vos donn\u00e9es, nous nous appuyons notamment sur les crit\u00e8res suivants :<\/p><p>\u2713 Le temps n\u00e9cessaire pour traiter votre demande ;<\/p><p>\u2713 Votre int\u00e9r\u00eat pour nos messages commerciaux et marketing ;<\/p><p>\u2713 Nos obligations l\u00e9gales ou r\u00e8glementaires ;<\/p><p>\u2713 La n\u00e9cessit\u00e9 de conserver un certain historique de vos interactions avec nous, pour la bonne gestion de notre relation commerciale ;<\/p><p>\u2713 Si des cookies sont install\u00e9s sur votre ordinateur, nous gardons vos donn\u00e9es uniquement le temps n\u00e9cessaire pour atteindre leur finalit\u00e9 ;<\/p><p>Au-del\u00e0 de cette p\u00e9riode, vos donn\u00e9es personnelles sont effac\u00e9es de nos syst\u00e8mes.<\/p><p><strong>6. QUELS SONT VOS DROITS CONCERNANT LE TRAITEMENT DE VOS DONN\u00c9ES PERSONNELLES ET COMMENT POUVEZ-VOUS LES EXERCER ?<\/strong><\/p><p>Naef Immobilier respecte votre droit \u00e0 la vie priv\u00e9e : il est primordial que vous ayez le contr\u00f4le sur vos donn\u00e9es personnelles. Vous b\u00e9n\u00e9ficiez des droits suivants :<\/p><p>\u2713 Un<strong>\u00a0droit d\u2019acc\u00e8s\u00a0<\/strong>: vous pouvez demander une copie des informations personnelles stock\u00e9es et trait\u00e9es.<\/p><p>\u2713Un\u00a0<strong>droit de<\/strong>\u00a0<strong>rectification\u00a0<\/strong>: vous avez le droit de nous demander de mettre \u00e0 jour, corriger toutes donn\u00e9es \u00e0 caract\u00e8re personnel erron\u00e9es, ou de compl\u00e9ter toutes donn\u00e9es \u00e0 caract\u00e8re personnel incompl\u00e8tes.<\/p><p>\u2713 Un<strong>\u00a0droit \u00e0 l\u2019effacement\/droit \u00e0 l\u2019oubli\u00a0<\/strong>: dans certains cas, vous pouvez demander \u00e0 supprimer une ou des informations personnelles. Ce droit peut \u00eatre limit\u00e9 compte tenu de nos obligations contractuelles ou l\u00e9gales.<\/p><p>\u2713 Un\u00a0<strong>droit \u00e0 la portabilit\u00e9 des donn\u00e9es<\/strong>: vous avez le droit de recevoir les donn\u00e9es personnelles que nous vous avez fournies, dans un format informatique structur\u00e9, couramment utilis\u00e9, et de les transf\u00e9rer \u00e0 une autre base de donn\u00e9es.<\/p><p>\u2713 Un\u00a0<strong>droit de<\/strong>\u00a0<strong>s\u2019opposer \u00e0 la prospection commerciale<\/strong>: vous pouvez-vous d\u00e9sinscrire ou vous opposer \u00e0 la r\u00e9ception de nos messages de prospection commerciale ou marketing. Il suffit de cliquer sur le lien de \u00ab se d\u00e9sinscrire \u00bb dans tout e-mail que nous vous envoyons.<\/p><p>\u2713 Le\u00a0<strong>droit \u00e0 la limitation du traitement<\/strong>: Vous avez le droit de demander la limitation du traitement que nous effectuons sur les donn\u00e9es vous concernant. Nous pouvons conserver vos donn\u00e9es personnelles, mais pas les utiliser ni les traiter. Ce droit s\u2019applique dans des circonstances particuli\u00e8res pr\u00e9vues par le R\u00e8glement G\u00e9n\u00e9ral sur la Protection des Donn\u00e9es.<\/p><p>\u2713 Le\u00a0<strong>droit de d\u00e9sactiver les Cookies<\/strong>: Vous pouvez d\u00e9sactiver les Cookies. Les navigateurs Internet sont g\u00e9n\u00e9ralement param\u00e9tr\u00e9s par d\u00e9faut pour accepter les cookies, mais vous pouvez facilement modifier cela dans les param\u00e8tres de votre navigateur.<\/p><p>Pour exercer n\u2019importe lequel de vos droits, vous pouvez nous contacter directement.<\/p><p><strong>7. COMMENT POUVEZ-VOUS NOUS CONTACTER ?<\/strong><\/p><p>Si vous avez des questions sur la mani\u00e8re dont nous traitons vos donn\u00e9es personnelles, vous pouvez nous contacter via l\u2019une des options suivantes:<\/p><p>\u2713 Envoyer un e-mail \u00e0 l\u2019adresse suivante :\u00a0<a href=\"mailto:dataprotection@naef.ch\"><strong>dataprotection@naef.ch<\/strong><\/a><\/p><p>\u2713 \u00c9crire \u00e0 l\u2019adresse postale suivante : Naef Holding S.A, Avenue Eug\u00e8ne-Pittard 14-16 1206 Gen\u00e8ve, Suisse<\/p><p><strong>8. QUI EST LE DPO (DATA PROTECTION OFFICER) ?<\/strong><\/p><p>Le d\u00e9l\u00e9gu\u00e9 \u00e0 la protection des donn\u00e9es de Naef Holding S.A est Christophe Bibollet.<\/p><p><em>*\u00a0Les cookies sont de petits fichiers qui sont stock\u00e9s sur votre ordinateur, lors de la visite du site. Un cookie contient le nom du serveur qui l\u2019a d\u00e9pos\u00e9, un identifiant sous forme de num\u00e9ro unique et une date d\u2019expiration. Le but des cookies est notamment d\u2019analyser l\u2019utilisation du site, en vue d\u2019une exploitation statistique, ainsi que d\u2019am\u00e9liorations continues. Vous pouvez d\u00e9sactiver les cookies, partiellement ou en totalit\u00e9, \u00e0 tout moment dans les param\u00e8tres de votre navigateur web. En d\u00e9sactivant les cookies, certaines fonctionnalit\u00e9s de ce site peuvent \u00e9ventuellement ne plus \u00eatre disponibles.<\/em><\/p>\t\t\t\t\t\t\t\t<\/div>\n\t\t\t\t<\/div>\n\t\t\t\t<div class=\"elementor-element elementor-element-39a7db4 elementor-widget elementor-widget-ld_button\" data-id=\"39a7db4\" data-element_type=\"widget\" data-e-type=\"widget\" data-widget_type=\"ld_button.default\">\n\t\t\t\t<div class=\"elementor-widget-container\">\n\t\t\t\t\t\n\t\t<a  href=\"https:\/\/lepassio-prilly.ch\/\" class=\"elementor-button btn align-items-center justify-content-center pos-rel overflow-hidden ws-nowrap btn-underlined border-thin btn-icon-left btn-has-label\" >\n\t\t\t\t\t\t\t<span class=\"btn-txt d-block pos-rel z-index-3\"  data-text=\"Retour \u00e0 l&#039;accueil\" >\n\t\t\t\t\t\t\t\t\t\t\tRetour \u00e0 l'accueil\t\t\t\t\t\t\t\t\t<\/span>\n\t\t\t\t\t\t\t\t\t\t\t<span class=\"btn-icon pos-rel z-index-3\">\n\t\t\t\t\t\t<i aria-hidden=\"true\" class=\"lqd-icn-ess icon-ion-ios-arrow-back\"><\/i>\t\t\t\t\t<\/span>\n\t\t\t\t\t\t\t<\/a>\n\n\t\t\t\t\t\t<\/div>\n\t\t\t\t<\/div>\n\t\t\t\t\t<\/div>\n\t\t<\/div>\n\t\t\t\t\t<\/div>\n\t\t<\/section>\n\t\t\t\t\t<\/div>\n\t\t<\/div>\n\t\t\t\t\t<\/div>\n\t\t<\/section>\n\t\t\t\t<\/div>\n\t\t","protected":false},"excerpt":{"rendered":"<p>Politique de confidentialit\u00e9 Politique de confidentialit\u00e9 1. RESPONSABILIT\u00c9 Naef Holding S.A, Avenue Eug\u00e8ne-Pittard 14-16 1206 Gen\u00e8ve, Suisse, est responsable des donn\u00e9es personnelles que vous nous communiquez. Les termes \u00ab Naef Immobilier \u00bb, \u00ab nous \u00bb ou \u00ab nos \u00bb que nous utilisons aux pr\u00e9sentes d\u00e9signent la soci\u00e9t\u00e9 Naef Holding S.A Conform\u00e9ment \u00e0 la r\u00e8glementation applicable [&hellip;]<\/p>\n","protected":false},"author":7,"featured_media":0,"parent":0,"menu_order":0,"comment_status":"closed","ping_status":"closed","template":"","meta":{"footnotes":""},"class_list":["post-9351","page","type-page","status-publish","hentry"],"yoast_head":"<!-- This site is optimized with the Yoast SEO plugin v28.3 - https:\/\/yoast.com\/product\/yoast-seo-wordpress\/ -->\n<title>Politique de confidentialit\u00e9 - lepassio-prilly.ch<\/title>\n<meta name=\"robots\" content=\"noindex, follow, max-snippet:-1, max-image-preview:large, max-video-preview:-1\" \/>\n<meta property=\"og:locale\" content=\"en_GB\" \/>\n<meta property=\"og:type\" content=\"article\" \/>\n<meta property=\"og:title\" content=\"Politique de confidentialit\u00e9 - lepassio-prilly.ch\" \/>\n<meta property=\"og:description\" content=\"Politique de confidentialit\u00e9 Politique de confidentialit\u00e9 1. RESPONSABILIT\u00c9 Naef Holding S.A, Avenue Eug\u00e8ne-Pittard 14-16 1206 Gen\u00e8ve, Suisse, est responsable des donn\u00e9es personnelles que vous nous communiquez. Les termes \u00ab Naef Immobilier \u00bb, \u00ab nous \u00bb ou \u00ab nos \u00bb que nous utilisons aux pr\u00e9sentes d\u00e9signent la soci\u00e9t\u00e9 Naef Holding S.A Conform\u00e9ment \u00e0 la r\u00e8glementation applicable [&hellip;]\" \/>\n<meta property=\"og:url\" content=\"https:\/\/lepassio-prilly.ch\/en\/politique-de-confidentialite\/\" \/>\n<meta property=\"og:site_name\" content=\"lepassio-prilly.ch\" \/>\n<meta property=\"article:publisher\" content=\"https:\/\/www.facebook.com\/NaefImmobilier\/\" \/>\n<meta property=\"article:modified_time\" content=\"2025-05-11T13:09:20+00:00\" \/>\n<meta name=\"twitter:card\" content=\"summary_large_image\" \/>\n<meta name=\"twitter:label1\" content=\"Est. reading time\" \/>\n\t<meta name=\"twitter:data1\" content=\"7 minutes\" \/>\n<script type=\"application\/ld+json\" class=\"yoast-schema-graph\">{\"@context\":\"https:\\\/\\\/schema.org\",\"@graph\":[{\"@type\":\"WebPage\",\"@id\":\"https:\\\/\\\/lepassio-prilly.ch\\\/en\\\/politique-de-confidentialite\\\/\",\"url\":\"https:\\\/\\\/lepassio-prilly.ch\\\/en\\\/politique-de-confidentialite\\\/\",\"name\":\"Politique de confidentialit\u00e9 - lepassio-prilly.ch\",\"isPartOf\":{\"@id\":\"https:\\\/\\\/lepassio-prilly.ch\\\/#website\"},\"datePublished\":\"2024-11-29T14:21:32+00:00\",\"dateModified\":\"2025-05-11T13:09:20+00:00\",\"breadcrumb\":{\"@id\":\"https:\\\/\\\/lepassio-prilly.ch\\\/en\\\/politique-de-confidentialite\\\/#breadcrumb\"},\"inLanguage\":\"en-GB\",\"potentialAction\":[{\"@type\":\"ReadAction\",\"target\":[\"https:\\\/\\\/lepassio-prilly.ch\\\/en\\\/politique-de-confidentialite\\\/\"]}]},{\"@type\":\"BreadcrumbList\",\"@id\":\"https:\\\/\\\/lepassio-prilly.ch\\\/en\\\/politique-de-confidentialite\\\/#breadcrumb\",\"itemListElement\":[{\"@type\":\"ListItem\",\"position\":1,\"name\":\"Accueil\",\"item\":\"https:\\\/\\\/lepassio-prilly.ch\\\/en\\\/\"},{\"@type\":\"ListItem\",\"position\":2,\"name\":\"Politique de confidentialit\u00e9\"}]},{\"@type\":\"WebSite\",\"@id\":\"https:\\\/\\\/lepassio-prilly.ch\\\/#website\",\"url\":\"https:\\\/\\\/lepassio-prilly.ch\\\/\",\"name\":\"R\u00e9sidence Helmi \u00e0 S\u00e9cheron, Gen\u00e8ve\",\"description\":\"Appartements de standing \u00e0 vendre \u00e0 Gen\u00e8ve, quartier S\u00e9cheron. Vivez \u00e0 deux pas du lac L\u00e9man, du centre-ville et de toutes les commodit\u00e9s.\",\"publisher\":{\"@id\":\"https:\\\/\\\/lepassio-prilly.ch\\\/#organization\"},\"potentialAction\":[{\"@type\":\"SearchAction\",\"target\":{\"@type\":\"EntryPoint\",\"urlTemplate\":\"https:\\\/\\\/lepassio-prilly.ch\\\/?s={search_term_string}\"},\"query-input\":{\"@type\":\"PropertyValueSpecification\",\"valueRequired\":true,\"valueName\":\"search_term_string\"}}],\"inLanguage\":\"en-GB\"},{\"@type\":\"Organization\",\"@id\":\"https:\\\/\\\/lepassio-prilly.ch\\\/#organization\",\"name\":\"Helmi Gen\u00e8ve\",\"url\":\"https:\\\/\\\/lepassio-prilly.ch\\\/\",\"logo\":{\"@type\":\"ImageObject\",\"inLanguage\":\"en-GB\",\"@id\":\"https:\\\/\\\/lepassio-prilly.ch\\\/#\\\/schema\\\/logo\\\/image\\\/\",\"url\":\"https:\\\/\\\/lepassio-prilly.ch\\\/wp-content\\\/uploads\\\/2024\\\/11\\\/Helmi_LOGO_1_RVB.png\",\"contentUrl\":\"https:\\\/\\\/lepassio-prilly.ch\\\/wp-content\\\/uploads\\\/2024\\\/11\\\/Helmi_LOGO_1_RVB.png\",\"width\":3500,\"height\":2084,\"caption\":\"Helmi Gen\u00e8ve\"},\"image\":{\"@id\":\"https:\\\/\\\/lepassio-prilly.ch\\\/#\\\/schema\\\/logo\\\/image\\\/\"},\"sameAs\":[\"https:\\\/\\\/www.facebook.com\\\/NaefImmobilier\\\/\",\"https:\\\/\\\/www.instagram.com\\\/naefimmobilier\\\/\",\"https:\\\/\\\/www.linkedin.com\\\/company\\\/naef-immobilier\\\/\"]}]}<\/script>\n<!-- \/ Yoast SEO plugin. -->","yoast_head_json":{"title":"Politique de confidentialit\u00e9 - lepassio-prilly.ch","robots":{"index":"noindex","follow":"follow","max-snippet":"max-snippet:-1","max-image-preview":"max-image-preview:large","max-video-preview":"max-video-preview:-1"},"og_locale":"en_GB","og_type":"article","og_title":"Politique de confidentialit\u00e9 - lepassio-prilly.ch","og_description":"Politique de confidentialit\u00e9 Politique de confidentialit\u00e9 1. RESPONSABILIT\u00c9 Naef Holding S.A, Avenue Eug\u00e8ne-Pittard 14-16 1206 Gen\u00e8ve, Suisse, est responsable des donn\u00e9es personnelles que vous nous communiquez. Les termes \u00ab Naef Immobilier \u00bb, \u00ab nous \u00bb ou \u00ab nos \u00bb que nous utilisons aux pr\u00e9sentes d\u00e9signent la soci\u00e9t\u00e9 Naef Holding S.A Conform\u00e9ment \u00e0 la r\u00e8glementation applicable [&hellip;]","og_url":"https:\/\/lepassio-prilly.ch\/en\/politique-de-confidentialite\/","og_site_name":"lepassio-prilly.ch","article_publisher":"https:\/\/www.facebook.com\/NaefImmobilier\/","article_modified_time":"2025-05-11T13:09:20+00:00","twitter_card":"summary_large_image","twitter_misc":{"Est. reading time":"7 minutes"},"schema":{"@context":"https:\/\/schema.org","@graph":[{"@type":"WebPage","@id":"https:\/\/lepassio-prilly.ch\/en\/politique-de-confidentialite\/","url":"https:\/\/lepassio-prilly.ch\/en\/politique-de-confidentialite\/","name":"Politique de confidentialit\u00e9 - lepassio-prilly.ch","isPartOf":{"@id":"https:\/\/lepassio-prilly.ch\/#website"},"datePublished":"2024-11-29T14:21:32+00:00","dateModified":"2025-05-11T13:09:20+00:00","breadcrumb":{"@id":"https:\/\/lepassio-prilly.ch\/en\/politique-de-confidentialite\/#breadcrumb"},"inLanguage":"en-GB","potentialAction":[{"@type":"ReadAction","target":["https:\/\/lepassio-prilly.ch\/en\/politique-de-confidentialite\/"]}]},{"@type":"BreadcrumbList","@id":"https:\/\/lepassio-prilly.ch\/en\/politique-de-confidentialite\/#breadcrumb","itemListElement":[{"@type":"ListItem","position":1,"name":"Accueil","item":"https:\/\/lepassio-prilly.ch\/en\/"},{"@type":"ListItem","position":2,"name":"Politique de confidentialit\u00e9"}]},{"@type":"WebSite","@id":"https:\/\/lepassio-prilly.ch\/#website","url":"https:\/\/lepassio-prilly.ch\/","name":"R\u00e9sidence Helmi \u00e0 S\u00e9cheron, Gen\u00e8ve","description":"Appartements de standing \u00e0 vendre \u00e0 Gen\u00e8ve, quartier S\u00e9cheron. Vivez \u00e0 deux pas du lac L\u00e9man, du centre-ville et de toutes les commodit\u00e9s.","publisher":{"@id":"https:\/\/lepassio-prilly.ch\/#organization"},"potentialAction":[{"@type":"SearchAction","target":{"@type":"EntryPoint","urlTemplate":"https:\/\/lepassio-prilly.ch\/?s={search_term_string}"},"query-input":{"@type":"PropertyValueSpecification","valueRequired":true,"valueName":"search_term_string"}}],"inLanguage":"en-GB"},{"@type":"Organization","@id":"https:\/\/lepassio-prilly.ch\/#organization","name":"Helmi Geneva","url":"https:\/\/lepassio-prilly.ch\/","logo":{"@type":"ImageObject","inLanguage":"en-GB","@id":"https:\/\/lepassio-prilly.ch\/#\/schema\/logo\/image\/","url":"https:\/\/lepassio-prilly.ch\/wp-content\/uploads\/2024\/11\/Helmi_LOGO_1_RVB.png","contentUrl":"https:\/\/lepassio-prilly.ch\/wp-content\/uploads\/2024\/11\/Helmi_LOGO_1_RVB.png","width":3500,"height":2084,"caption":"Helmi Gen\u00e8ve"},"image":{"@id":"https:\/\/lepassio-prilly.ch\/#\/schema\/logo\/image\/"},"sameAs":["https:\/\/www.facebook.com\/NaefImmobilier\/","https:\/\/www.instagram.com\/naefimmobilier\/","https:\/\/www.linkedin.com\/company\/naef-immobilier\/"]}]}},"_links":{"self":[{"href":"https:\/\/lepassio-prilly.ch\/en\/wp-json\/wp\/v2\/pages\/9351","targetHints":{"allow":["GET"]}}],"collection":[{"href":"https:\/\/lepassio-prilly.ch\/en\/wp-json\/wp\/v2\/pages"}],"about":[{"href":"https:\/\/lepassio-prilly.ch\/en\/wp-json\/wp\/v2\/types\/page"}],"author":[{"embeddable":true,"href":"https:\/\/lepassio-prilly.ch\/en\/wp-json\/wp\/v2\/users\/7"}],"replies":[{"embeddable":true,"href":"https:\/\/lepassio-prilly.ch\/en\/wp-json\/wp\/v2\/comments?post=9351"}],"version-history":[{"count":0,"href":"https:\/\/lepassio-prilly.ch\/en\/wp-json\/wp\/v2\/pages\/9351\/revisions"}],"wp:attachment":[{"href":"https:\/\/lepassio-prilly.ch\/en\/wp-json\/wp\/v2\/media?parent=9351"}],"curies":[{"name":"wp","href":"https:\/\/api.w.org\/{rel}","templated":true}]}}