{"id":9342,"date":"2024-11-29T15:20:36","date_gmt":"2024-11-29T14:20:36","guid":{"rendered":"https:\/\/dev.mydigyweb.com\/TEASER\/?page_id=9342"},"modified":"2025-05-13T09:22:43","modified_gmt":"2025-05-13T07:22:43","slug":"mentions-legales","status":"publish","type":"page","link":"https:\/\/lepassio-prilly.ch\/en\/mentions-legales\/","title":{"rendered":"Legal disclaimer"},"content":{"rendered":"\t\t<div data-elementor-type=\"wp-page\" data-elementor-id=\"9342\" class=\"elementor elementor-9342\" data-elementor-post-type=\"page\">\n\t\t\t\t\t\t<section class=\"elementor-section elementor-top-section elementor-element elementor-element-17c56ba elementor-section-full_width elementor-section-height-min-height elementor-section-height-default elementor-section-items-middle\" data-id=\"17c56ba\" data-element_type=\"section\" data-e-type=\"section\" data-settings=\"{&quot;background_background&quot;:&quot;classic&quot;}\">\n\t\t\t\t\t\t<div class=\"elementor-container elementor-column-gap-no\">\n\t\t\t\t\t<div class=\"elementor-column elementor-col-100 elementor-top-column elementor-element elementor-element-ead1f97\" data-id=\"ead1f97\" data-element_type=\"column\" data-e-type=\"column\">\n\t\t\t<div class=\"elementor-widget-wrap elementor-element-populated\">\n\t\t\t\t\t\t<section class=\"elementor-section elementor-inner-section elementor-element elementor-element-5048ab5 elementor-section-full_width elementor-reverse-mobile elementor-section-height-default elementor-section-height-default\" data-id=\"5048ab5\" data-element_type=\"section\" data-e-type=\"section\">\n\t\t\t\t\t\t<div class=\"elementor-container elementor-column-gap-no\">\n\t\t\t\t\t<div class=\"elementor-column elementor-col-50 elementor-inner-column elementor-element elementor-element-8edf846\" data-id=\"8edf846\" data-element_type=\"column\" data-e-type=\"column\" data-settings=\"{&quot;background_background&quot;:&quot;classic&quot;}\">\n\t\t\t<div class=\"elementor-widget-wrap elementor-element-populated\">\n\t\t\t\t\t\t<div class=\"elementor-element elementor-element-e6e96a7 elementor-widget elementor-widget-spacer\" data-id=\"e6e96a7\" data-element_type=\"widget\" data-e-type=\"widget\" data-widget_type=\"spacer.default\">\n\t\t\t\t<div class=\"elementor-widget-container\">\n\t\t\t\t\t\t\t<div class=\"elementor-spacer\">\n\t\t\t<div class=\"elementor-spacer-inner\"><\/div>\n\t\t<\/div>\n\t\t\t\t\t\t<\/div>\n\t\t\t\t<\/div>\n\t\t\t\t<div class=\"elementor-element elementor-element-a6b864c elementor-widget__width-auto elementor-widget elementor-widget-hub_fancy_heading\" data-id=\"a6b864c\" data-element_type=\"widget\" data-e-type=\"widget\" data-settings=\"{&quot;sticky&quot;:&quot;bottom&quot;,&quot;sticky_on&quot;:[&quot;widescreen&quot;,&quot;desktop&quot;,&quot;tablet_extra&quot;,&quot;tablet&quot;,&quot;mobile_extra&quot;,&quot;mobile&quot;],&quot;sticky_parent&quot;:&quot;yes&quot;,&quot;sticky_offset&quot;:0,&quot;sticky_effects_offset&quot;:0,&quot;sticky_anchor_link_offset&quot;:0}\" data-widget_type=\"hub_fancy_heading.default\">\n\t\t\t\t<div class=\"elementor-widget-container\">\n\t\t\t\t\t\n\t\t<div id=\"ld-fancy-heading-6a96a540a77d3\" class=\"ld-fancy-heading pos-rel\">\n\t\t\t<h5 class=\"ld-fh-element d-inline-block pos-rel  elementor-heading-title lqd-highlight-classic lqd-highlight-grow-left h5\"  > Mentions l\u00e9gales<\/h5>\t\t<\/div>\n\n\t\t\t\t\t\t<\/div>\n\t\t\t\t<\/div>\n\t\t\t\t\t<\/div>\n\t\t<\/div>\n\t\t\t\t<div class=\"elementor-column elementor-col-50 elementor-inner-column elementor-element elementor-element-fd88000\" data-id=\"fd88000\" data-element_type=\"column\" data-e-type=\"column\">\n\t\t\t<div class=\"elementor-widget-wrap elementor-element-populated\">\n\t\t\t\t\t\t<div class=\"elementor-element elementor-element-971c84e elementor-widget__width-initial elementor-widget elementor-widget-hub_fancy_heading\" data-id=\"971c84e\" data-element_type=\"widget\" data-e-type=\"widget\" data-widget_type=\"hub_fancy_heading.default\">\n\t\t\t\t<div class=\"elementor-widget-container\">\n\t\t\t\t\t\n\t\t<div id=\"ld-fancy-heading-6a96a540a80b3\" class=\"ld-fancy-heading pos-rel\">\n\t\t\t<h4 class=\"ld-fh-element d-inline-block pos-rel  elementor-heading-title lqd-highlight-classic lqd-highlight-grow-left h4\"  > Mentions l\u00e9gales<\/h4>\t\t<\/div>\n\n\t\t\t\t\t\t<\/div>\n\t\t\t\t<\/div>\n\t\t\t\t<div class=\"elementor-element elementor-element-e14fe11 elementor-widget-divider--view-line elementor-widget elementor-widget-divider\" data-id=\"e14fe11\" data-element_type=\"widget\" data-e-type=\"widget\" data-widget_type=\"divider.default\">\n\t\t\t\t<div class=\"elementor-widget-container\">\n\t\t\t\t\t\t\t<div class=\"elementor-divider\">\n\t\t\t<span class=\"elementor-divider-separator\">\n\t\t\t\t\t\t<\/span>\n\t\t<\/div>\n\t\t\t\t\t\t<\/div>\n\t\t\t\t<\/div>\n\t\t\t\t<div class=\"elementor-element elementor-element-4b6ee47 elementor-widget elementor-widget-text-editor\" data-id=\"4b6ee47\" data-element_type=\"widget\" data-e-type=\"widget\" data-widget_type=\"text-editor.default\">\n\t\t\t\t<div class=\"elementor-widget-container\">\n\t\t\t\t\t\t\t\t\t<div><div><div><div><p><b>1. G\u00c9N\u00c9RALIT\u00c9S<br \/><\/b>En acc\u00e9dant aux pages web de notre site internet, vous d\u00e9clarez avoir compris et accepter les conditions d\u2019utilisation et les mentions juridiques s\u2019y rapportant.<\/p><p><b>2. CONTENU<br \/><\/b>Notre site internet vous permet d\u2019obtenir des informations sur notre soci\u00e9t\u00e9 et nos prestations, de consulter les biens immobiliers que nous proposons \u00e0 la location et \u00e0 la vente ainsi que des articles que nous publions sur notre domaine d\u2019activit\u00e9.<\/p><p><b>3. UTILISATION DU SITE INTERNET<br \/><\/b>L\u2019ensemble du contenu de notre site est prot\u00e9g\u00e9 par un droit d\u2019auteur et, sauf disposition contraire, est la propri\u00e9t\u00e9 exclusive et totale de Naef Holding S.A. Le fait d\u2019ouvrir des pages, de les t\u00e9l\u00e9charger ou de les copier ne conduit pas \u00e0 l\u2019acquisition de droits (droits d\u2019utilisation, droits de propri\u00e9t\u00e9 intellectuelle, etc.). Sauf autorisation pr\u00e9alable \u00e9crite, il est interdit de reproduire, de transmettre (par tout biais), de modifier, de mettre en lien ou d\u2019utiliser notre site internet \u00e0 des fins publiques, commerciales, ou priv\u00e9es. De m\u00eame, toute utilisation du contenu et de notre site internet \u00e0 des fins ill\u00e9gales fera l\u2019objet de poursuites judiciaires.<\/p><p><b>4. EXCLUSION DE GARANTIE ET DE RESPONSABILIT\u00c9<br \/><\/b>Naef Holding S.A d\u00e9cline sans restriction toute responsabilit\u00e9 en cas de perte ou de dommage, quels qu\u2019ils soient, r\u00e9sultant de l\u2019acc\u00e8s ou de l\u2019utilisation du site internet, ou caus\u00e9s par des liens vers des sites Internet de tiers se trouvant sur notre site.<br \/>Toute responsabilit\u00e9 est \u00e9galement exclue en cas de manque \u00e0 gagner, d\u2019erreur d\u2019Internet, quelle qu\u2019elle soit (par ex. interruption de l\u2019exploitation, dysfonctionnements, virus, composants dommageables, actes terroristes, etc.), d\u2019abus par des tiers (consultation de donn\u00e9es, copies, etc.) ou de perte de programmes ou d\u2019autres donn\u00e9es dans vos syst\u00e8mes d\u2019information.<\/p><p><b>5. LIENS VERS D\u2019AUTRES SITES INTERNET<br \/><\/b>Certains liens de notre site internet permettent d\u2019acc\u00e9der \u00e0 des sites Internet de tiers sur lesquels nous n\u2019avons aucune influence. Nous n\u2019assumons donc aucune responsabilit\u00e9 quant \u00e0 l\u2019int\u00e9gralit\u00e9, l\u2019exhaustivit\u00e9 et la l\u00e9galit\u00e9 des contenus et liens avec d\u2019autres sites qui y figurent ou aux \u00e9ventuels produits, offres et prestations qui y sont pr\u00e9sent\u00e9s. Il en va de m\u00eame lorsque ces sites contiennent le logo de notre marque Naef Holding S.A ou une autre d\u00e9signation prot\u00e9g\u00e9e. L\u2019utilisation de sites internet accessibles par des liens s\u2019effectue sous votre propre responsabilit\u00e9.<\/p><p><b>Naef Holding SA<\/b><br \/>Avenue Eug\u00e8ne-Pittard 14-16<br \/>1206 Gen\u00e8ve<br \/>Suisse<br \/>T\u00e9l +41 22 839 39 39<br \/>IDE: CHE-103.166.519<\/p><p>Made by digirealty<\/p><\/div><\/div><\/div><\/div>\t\t\t\t\t\t\t\t<\/div>\n\t\t\t\t<\/div>\n\t\t\t\t<div class=\"elementor-element elementor-element-adc09fe elementor-widget elementor-widget-ld_button\" data-id=\"adc09fe\" data-element_type=\"widget\" data-e-type=\"widget\" data-widget_type=\"ld_button.default\">\n\t\t\t\t<div class=\"elementor-widget-container\">\n\t\t\t\t\t\n\t\t<a  href=\"https:\/\/lepassio-prilly.ch\/\" class=\"elementor-button btn align-items-center justify-content-center pos-rel overflow-hidden ws-nowrap btn-underlined border-thin btn-icon-left btn-has-label\" >\n\t\t\t\t\t\t\t<span class=\"btn-txt d-block pos-rel z-index-3\"  data-text=\"Retour \u00e0 l&#039;accueil\" >\n\t\t\t\t\t\t\t\t\t\t\tRetour \u00e0 l'accueil\t\t\t\t\t\t\t\t\t<\/span>\n\t\t\t\t\t\t\t\t\t\t\t<span class=\"btn-icon pos-rel z-index-3\">\n\t\t\t\t\t\t<i aria-hidden=\"true\" class=\"lqd-icn-ess icon-ion-ios-arrow-back\"><\/i>\t\t\t\t\t<\/span>\n\t\t\t\t\t\t\t<\/a>\n\n\t\t\t\t\t\t<\/div>\n\t\t\t\t<\/div>\n\t\t\t\t\t<\/div>\n\t\t<\/div>\n\t\t\t\t\t<\/div>\n\t\t<\/section>\n\t\t\t\t\t<\/div>\n\t\t<\/div>\n\t\t\t\t\t<\/div>\n\t\t<\/section>\n\t\t\t\t<\/div>\n\t\t","protected":false},"excerpt":{"rendered":"<p>Mentions l\u00e9gales Mentions l\u00e9gales 1. G\u00c9N\u00c9RALIT\u00c9SEn acc\u00e9dant aux pages web de notre site internet, vous d\u00e9clarez avoir compris et accepter les conditions d\u2019utilisation et les mentions juridiques s\u2019y rapportant. 2. CONTENUNotre site internet vous permet d\u2019obtenir des informations sur notre soci\u00e9t\u00e9 et nos prestations, de consulter les biens immobiliers que nous proposons \u00e0 la location [&hellip;]<\/p>\n","protected":false},"author":7,"featured_media":0,"parent":0,"menu_order":0,"comment_status":"closed","ping_status":"closed","template":"","meta":{"footnotes":""},"class_list":["post-9342","page","type-page","status-publish","hentry"],"yoast_head":"<!-- This site is optimized with the Yoast SEO plugin v28.3 - https:\/\/yoast.com\/product\/yoast-seo-wordpress\/ -->\n<title>Mentions l\u00e9gales - lepassio-prilly.ch<\/title>\n<meta name=\"robots\" content=\"noindex, follow, max-snippet:-1, max-image-preview:large, max-video-preview:-1\" \/>\n<meta property=\"og:locale\" content=\"en_GB\" \/>\n<meta property=\"og:type\" content=\"article\" \/>\n<meta property=\"og:title\" content=\"Mentions l\u00e9gales - lepassio-prilly.ch\" \/>\n<meta property=\"og:description\" content=\"Mentions l\u00e9gales Mentions l\u00e9gales 1. G\u00c9N\u00c9RALIT\u00c9SEn acc\u00e9dant aux pages web de notre site internet, vous d\u00e9clarez avoir compris et accepter les conditions d\u2019utilisation et les mentions juridiques s\u2019y rapportant. 2. CONTENUNotre site internet vous permet d\u2019obtenir des informations sur notre soci\u00e9t\u00e9 et nos prestations, de consulter les biens immobiliers que nous proposons \u00e0 la location [&hellip;]\" \/>\n<meta property=\"og:url\" content=\"https:\/\/lepassio-prilly.ch\/en\/mentions-legales\/\" \/>\n<meta property=\"og:site_name\" content=\"lepassio-prilly.ch\" \/>\n<meta property=\"article:publisher\" content=\"https:\/\/www.facebook.com\/NaefImmobilier\/\" \/>\n<meta property=\"article:modified_time\" content=\"2025-05-13T07:22:43+00:00\" \/>\n<meta name=\"twitter:card\" content=\"summary_large_image\" \/>\n<meta name=\"twitter:label1\" content=\"Est. reading time\" \/>\n\t<meta name=\"twitter:data1\" content=\"3 minutes\" \/>\n<script type=\"application\/ld+json\" class=\"yoast-schema-graph\">{\"@context\":\"https:\\\/\\\/schema.org\",\"@graph\":[{\"@type\":\"WebPage\",\"@id\":\"https:\\\/\\\/lepassio-prilly.ch\\\/en\\\/mentions-legales\\\/\",\"url\":\"https:\\\/\\\/lepassio-prilly.ch\\\/en\\\/mentions-legales\\\/\",\"name\":\"Mentions l\u00e9gales - lepassio-prilly.ch\",\"isPartOf\":{\"@id\":\"https:\\\/\\\/lepassio-prilly.ch\\\/#website\"},\"datePublished\":\"2024-11-29T14:20:36+00:00\",\"dateModified\":\"2025-05-13T07:22:43+00:00\",\"breadcrumb\":{\"@id\":\"https:\\\/\\\/lepassio-prilly.ch\\\/en\\\/mentions-legales\\\/#breadcrumb\"},\"inLanguage\":\"en-GB\",\"potentialAction\":[{\"@type\":\"ReadAction\",\"target\":[\"https:\\\/\\\/lepassio-prilly.ch\\\/en\\\/mentions-legales\\\/\"]}]},{\"@type\":\"BreadcrumbList\",\"@id\":\"https:\\\/\\\/lepassio-prilly.ch\\\/en\\\/mentions-legales\\\/#breadcrumb\",\"itemListElement\":[{\"@type\":\"ListItem\",\"position\":1,\"name\":\"Accueil\",\"item\":\"https:\\\/\\\/lepassio-prilly.ch\\\/en\\\/\"},{\"@type\":\"ListItem\",\"position\":2,\"name\":\"Mentions l\u00e9gales\"}]},{\"@type\":\"WebSite\",\"@id\":\"https:\\\/\\\/lepassio-prilly.ch\\\/#website\",\"url\":\"https:\\\/\\\/lepassio-prilly.ch\\\/\",\"name\":\"R\u00e9sidence Helmi \u00e0 S\u00e9cheron, Gen\u00e8ve\",\"description\":\"Appartements de standing \u00e0 vendre \u00e0 Gen\u00e8ve, quartier S\u00e9cheron. Vivez \u00e0 deux pas du lac L\u00e9man, du centre-ville et de toutes les commodit\u00e9s.\",\"publisher\":{\"@id\":\"https:\\\/\\\/lepassio-prilly.ch\\\/#organization\"},\"potentialAction\":[{\"@type\":\"SearchAction\",\"target\":{\"@type\":\"EntryPoint\",\"urlTemplate\":\"https:\\\/\\\/lepassio-prilly.ch\\\/?s={search_term_string}\"},\"query-input\":{\"@type\":\"PropertyValueSpecification\",\"valueRequired\":true,\"valueName\":\"search_term_string\"}}],\"inLanguage\":\"en-GB\"},{\"@type\":\"Organization\",\"@id\":\"https:\\\/\\\/lepassio-prilly.ch\\\/#organization\",\"name\":\"Helmi Gen\u00e8ve\",\"url\":\"https:\\\/\\\/lepassio-prilly.ch\\\/\",\"logo\":{\"@type\":\"ImageObject\",\"inLanguage\":\"en-GB\",\"@id\":\"https:\\\/\\\/lepassio-prilly.ch\\\/#\\\/schema\\\/logo\\\/image\\\/\",\"url\":\"https:\\\/\\\/lepassio-prilly.ch\\\/wp-content\\\/uploads\\\/2024\\\/11\\\/Helmi_LOGO_1_RVB.png\",\"contentUrl\":\"https:\\\/\\\/lepassio-prilly.ch\\\/wp-content\\\/uploads\\\/2024\\\/11\\\/Helmi_LOGO_1_RVB.png\",\"width\":3500,\"height\":2084,\"caption\":\"Helmi Gen\u00e8ve\"},\"image\":{\"@id\":\"https:\\\/\\\/lepassio-prilly.ch\\\/#\\\/schema\\\/logo\\\/image\\\/\"},\"sameAs\":[\"https:\\\/\\\/www.facebook.com\\\/NaefImmobilier\\\/\",\"https:\\\/\\\/www.instagram.com\\\/naefimmobilier\\\/\",\"https:\\\/\\\/www.linkedin.com\\\/company\\\/naef-immobilier\\\/\"]}]}<\/script>\n<!-- \/ Yoast SEO plugin. -->","yoast_head_json":{"title":"Mentions l\u00e9gales - lepassio-prilly.ch","robots":{"index":"noindex","follow":"follow","max-snippet":"max-snippet:-1","max-image-preview":"max-image-preview:large","max-video-preview":"max-video-preview:-1"},"og_locale":"en_GB","og_type":"article","og_title":"Mentions l\u00e9gales - lepassio-prilly.ch","og_description":"Mentions l\u00e9gales Mentions l\u00e9gales 1. G\u00c9N\u00c9RALIT\u00c9SEn acc\u00e9dant aux pages web de notre site internet, vous d\u00e9clarez avoir compris et accepter les conditions d\u2019utilisation et les mentions juridiques s\u2019y rapportant. 2. CONTENUNotre site internet vous permet d\u2019obtenir des informations sur notre soci\u00e9t\u00e9 et nos prestations, de consulter les biens immobiliers que nous proposons \u00e0 la location [&hellip;]","og_url":"https:\/\/lepassio-prilly.ch\/en\/mentions-legales\/","og_site_name":"lepassio-prilly.ch","article_publisher":"https:\/\/www.facebook.com\/NaefImmobilier\/","article_modified_time":"2025-05-13T07:22:43+00:00","twitter_card":"summary_large_image","twitter_misc":{"Est. reading time":"3 minutes"},"schema":{"@context":"https:\/\/schema.org","@graph":[{"@type":"WebPage","@id":"https:\/\/lepassio-prilly.ch\/en\/mentions-legales\/","url":"https:\/\/lepassio-prilly.ch\/en\/mentions-legales\/","name":"Mentions l\u00e9gales - lepassio-prilly.ch","isPartOf":{"@id":"https:\/\/lepassio-prilly.ch\/#website"},"datePublished":"2024-11-29T14:20:36+00:00","dateModified":"2025-05-13T07:22:43+00:00","breadcrumb":{"@id":"https:\/\/lepassio-prilly.ch\/en\/mentions-legales\/#breadcrumb"},"inLanguage":"en-GB","potentialAction":[{"@type":"ReadAction","target":["https:\/\/lepassio-prilly.ch\/en\/mentions-legales\/"]}]},{"@type":"BreadcrumbList","@id":"https:\/\/lepassio-prilly.ch\/en\/mentions-legales\/#breadcrumb","itemListElement":[{"@type":"ListItem","position":1,"name":"Accueil","item":"https:\/\/lepassio-prilly.ch\/en\/"},{"@type":"ListItem","position":2,"name":"Mentions l\u00e9gales"}]},{"@type":"WebSite","@id":"https:\/\/lepassio-prilly.ch\/#website","url":"https:\/\/lepassio-prilly.ch\/","name":"R\u00e9sidence Helmi \u00e0 S\u00e9cheron, Gen\u00e8ve","description":"Appartements de standing \u00e0 vendre \u00e0 Gen\u00e8ve, quartier S\u00e9cheron. Vivez \u00e0 deux pas du lac L\u00e9man, du centre-ville et de toutes les commodit\u00e9s.","publisher":{"@id":"https:\/\/lepassio-prilly.ch\/#organization"},"potentialAction":[{"@type":"SearchAction","target":{"@type":"EntryPoint","urlTemplate":"https:\/\/lepassio-prilly.ch\/?s={search_term_string}"},"query-input":{"@type":"PropertyValueSpecification","valueRequired":true,"valueName":"search_term_string"}}],"inLanguage":"en-GB"},{"@type":"Organization","@id":"https:\/\/lepassio-prilly.ch\/#organization","name":"Helmi Geneva","url":"https:\/\/lepassio-prilly.ch\/","logo":{"@type":"ImageObject","inLanguage":"en-GB","@id":"https:\/\/lepassio-prilly.ch\/#\/schema\/logo\/image\/","url":"https:\/\/lepassio-prilly.ch\/wp-content\/uploads\/2024\/11\/Helmi_LOGO_1_RVB.png","contentUrl":"https:\/\/lepassio-prilly.ch\/wp-content\/uploads\/2024\/11\/Helmi_LOGO_1_RVB.png","width":3500,"height":2084,"caption":"Helmi Gen\u00e8ve"},"image":{"@id":"https:\/\/lepassio-prilly.ch\/#\/schema\/logo\/image\/"},"sameAs":["https:\/\/www.facebook.com\/NaefImmobilier\/","https:\/\/www.instagram.com\/naefimmobilier\/","https:\/\/www.linkedin.com\/company\/naef-immobilier\/"]}]}},"_links":{"self":[{"href":"https:\/\/lepassio-prilly.ch\/en\/wp-json\/wp\/v2\/pages\/9342","targetHints":{"allow":["GET"]}}],"collection":[{"href":"https:\/\/lepassio-prilly.ch\/en\/wp-json\/wp\/v2\/pages"}],"about":[{"href":"https:\/\/lepassio-prilly.ch\/en\/wp-json\/wp\/v2\/types\/page"}],"author":[{"embeddable":true,"href":"https:\/\/lepassio-prilly.ch\/en\/wp-json\/wp\/v2\/users\/7"}],"replies":[{"embeddable":true,"href":"https:\/\/lepassio-prilly.ch\/en\/wp-json\/wp\/v2\/comments?post=9342"}],"version-history":[{"count":0,"href":"https:\/\/lepassio-prilly.ch\/en\/wp-json\/wp\/v2\/pages\/9342\/revisions"}],"wp:attachment":[{"href":"https:\/\/lepassio-prilly.ch\/en\/wp-json\/wp\/v2\/media?parent=9342"}],"curies":[{"name":"wp","href":"https:\/\/api.w.org\/{rel}","templated":true}]}}